							
{"id":3031,"date":"2014-05-15T01:06:20","date_gmt":"2014-05-15T01:06:20","guid":{"rendered":"https:\/\/recuperarte.com.br\/?page_id=3031"},"modified":"2019-01-16T19:30:20","modified_gmt":"2019-01-16T19:30:20","slug":"curso-de-terapia-do-espelho","status":"publish","type":"page","link":"https:\/\/recuperarte.com.br\/?page_id=3031","title":{"rendered":"Curso de Terapia do Espelho &#8211; Curitiba PR"},"content":{"rendered":"<p><img loading=\"lazy\" decoding=\"async\" class=\"alignright wp-image-3006 \" src=\"http:\/\/recuperarte.com.br\/wp-content\/uploads\/2019\/01\/WhatsApp-Image-2019-01-09-at-13.34.13-2.jpeg\" alt=\"\" width=\"458\" height=\"461\" srcset=\"https:\/\/recuperarte.com.br\/wp-content\/uploads\/2019\/01\/WhatsApp-Image-2019-01-09-at-13.34.13-2.jpeg 793w, https:\/\/recuperarte.com.br\/wp-content\/uploads\/2019\/01\/WhatsApp-Image-2019-01-09-at-13.34.13-2-150x150.jpeg 150w, https:\/\/recuperarte.com.br\/wp-content\/uploads\/2019\/01\/WhatsApp-Image-2019-01-09-at-13.34.13-2-768x774.jpeg 768w, https:\/\/recuperarte.com.br\/wp-content\/uploads\/2019\/01\/WhatsApp-Image-2019-01-09-at-13.34.13-2-720x725.jpeg 720w\" sizes=\"(max-width: 458px) 100vw, 458px\" \/><\/p>\n<h2>Curso de Terapia do Espelho<\/h2>\n<p>O\u00a0curso proporciona o<br \/>\nconhecimento te\u00f3rico e pr\u00e1tico relacionado \u00e0<br \/>\nfundamenta\u00e7\u00e3o e pr\u00e1tica da Terapia do Espelho<br \/>\nem altera\u00e7\u00f5es do sistema nervoso central e<br \/>\nperif\u00e9rico.<\/p>\n<p><strong>Palestrante<\/strong>:<br \/>\n<em>Prof\u00aa Dra: Patr\u00edcia Neto Barroso<\/em><\/p>\n<ul>\n<li>Terapeuta ocupacional p\u00f3s-graduada em Reabilita\u00e7\u00e3o da M\u00e3o &#8211; USP;<\/li>\n<li>Doutora e P\u00f3s-doutora em Bioengenharia UFMG e UFRJ;<\/li>\n<li>Membro efetivo e ex-presidente da Sociedade Brasileira de Terapia de M\u00e3o;<\/li>\n<li>Curso de aperfei\u00e7oamento oferecido pela \u201cInternational Federation of Societies for Hand Therapy\u201d, IFSHT, Canad\u00e1;<\/li>\n<li>Extens\u00e3o universit\u00e1ria em Est\u00e1gios:\n<ul>\n<li>\u201cThe Philadelphia Hand Center\u201d, \u201cRegional Hand Center\u201d, \u201cCleveland Clinic Florida e \u201cCenter For Sports Medicine and Rehabilitation\u201d &#8211; Estados Unidos;<\/li>\n<li>\u201cInstitut Europ\u00e9en de la Main\u201d \u2013 Fran\u00e7a;.<\/li>\n<\/ul>\n<\/li>\n<li>Experi\u00eancia acad\u00eamica em cursos de gradua\u00e7\u00e3o e P\u00f3s-gradua\u00e7\u00e3o em reabilita\u00e7\u00e3o do membro superior da FCMMG, USP, UFMG, PUCMG e UNIPAC.<\/li>\n<li>Membro Pesquisador do laborat\u00f3rio de Bioengenharia \u2013 UFMG;<\/li>\n<li>Consultora Cl\u00ednica da Ind\u00fastria de \u00d3rteses Autonomie.<\/li>\n<\/ul>\n<p><strong>Curr\u00edculo Lattes:\u00a0<\/strong><a href=\"http:\/\/lattes.cnpq.br\/7814171953519254\" target=\"_blank\" rel=\"noopener\">http:\/\/lattes.cnpq.br\/7814171953519254<\/a><br \/>\n<strong>Facebook<\/strong><a href=\"http:\/\/www.facebook.com\/patricia.netobarroso\" target=\"_blank\" rel=\"noopener\">: http:\/\/www.facebook.com\/patricia.netobarroso<\/a><br \/>\n<strong>Instagram:<\/strong><a href=\"https:\/\/www.instagram.com\/patricianetobarroso\" target=\"_blank\" rel=\"noopener\">https:\/\/www.instagram.com\/patricianetobarroso<\/a><br \/>\n<div class=\"dotted-divider\"><\/div>\n<h3><span style=\"color: #0e948f;\">CRONOGRAMA<\/span><\/h3>\n<p><strong>M\u00d3DULO TE\u00d3RICO <\/strong><\/p>\n<p>Introdu\u00e7\u00e3o sobre a terapia do espelho;<br \/>\nConceituar neuroplasticidade;<br \/>\nConceituar Reorganiza\u00e7\u00e3o Cortical;<br \/>\nFundamenta\u00e7\u00e3o acad\u00eamica e cl\u00ednica da<br \/>\nterapia do espelho;<br \/>\nTratamentos por meio da terapia do<br \/>\nespelho em altera\u00e7\u00f5es nervosas<br \/>\nperif\u00e9ricas;<br \/>\nTratamentos por meio da terapia do<br \/>\nespelho em altera\u00e7\u00f5es nervosas<br \/>\ncentrais;<br \/>\nViv\u00eancias cl\u00ednicas e demonstra\u00e7\u00f5es da<br \/>\nt\u00e9cnica.<\/p>\n<p>&nbsp;<\/p>\n<p><strong>DATAS:<\/strong><br \/>\n30 e\u00a0 31 de maio de 2019 (s\u00e1bado e domingo )<br \/>\n(Carga hor\u00e1ria total: 12 Horas)<\/p>\n<p><strong>LOCAL:<\/strong>\u00a0Curitiba &#8211; PR<\/p>\n<p>&nbsp;<\/p>\n<p><strong>INVESTIMENTO<\/strong>:<br \/>\nAT\u00c9 31\/01 \u2013 R$400,00 PARCELADO EM 4X<br \/>\nAT\u00c9 28\/02 \u2013 R$500,00 PARCELADO EM 3X<br \/>\nA PARTIR DE 01\/03 \u2013 R$600,00 PARCELADO EM<br \/>\n2X<\/p>\n<p>&nbsp;<\/p>\n<p><strong>INSCRI\u00c7\u00d5ES:<\/strong><\/p>\n<p>Inscri\u00e7\u00f5es pelo e-mail: reabilitaneuro.to@gmail.com<\/p>\n<p>&nbsp;<\/p>\n<p><strong><em>As vagas ser\u00e3o limitadas!<\/em><\/strong><\/p>\n<p><strong>Informa\u00e7\u00f5es:<\/strong><br \/>\nCl\u00ednica Reabilitaneuro (41) 9.9688-6433 \u2013 E-mail: reabilitaneuro.to@gmail.com<\/p>\n<p>&nbsp;<\/p>\n","protected":false},"excerpt":{"rendered":"<p>Curso de Terapia do Espelho O\u00a0curso proporciona o conhecimento te\u00f3rico e pr\u00e1tico relacionado \u00e0 fundamenta\u00e7\u00e3o e pr\u00e1tica da Terapia do Espelho em altera\u00e7\u00f5es do sistema nervoso central e perif\u00e9rico. Palestrante: Prof\u00aa Dra: Patr\u00edcia Neto Barroso Terapeuta ocupacional p\u00f3s-graduada em Reabilita\u00e7\u00e3o da M\u00e3o &#8211; USP; Doutora e P\u00f3s-doutora em Bioengenharia UFMG e UFRJ; Membro efetivo e ex-presidente da Sociedade Brasileira de Terapia de M\u00e3o; Curso de aperfei\u00e7oamento oferecido pela \u201cInternational Federation [&hellip;]<\/p>\n","protected":false},"author":1,"featured_media":0,"parent":0,"menu_order":0,"comment_status":"open","ping_status":"closed","template":"","meta":{"footnotes":""},"_links":{"self":[{"href":"https:\/\/recuperarte.com.br\/index.php?rest_route=\/wp\/v2\/pages\/3031"}],"collection":[{"href":"https:\/\/recuperarte.com.br\/index.php?rest_route=\/wp\/v2\/pages"}],"about":[{"href":"https:\/\/recuperarte.com.br\/index.php?rest_route=\/wp\/v2\/types\/page"}],"author":[{"embeddable":true,"href":"https:\/\/recuperarte.com.br\/index.php?rest_route=\/wp\/v2\/users\/1"}],"replies":[{"embeddable":true,"href":"https:\/\/recuperarte.com.br\/index.php?rest_route=%2Fwp%2Fv2%2Fcomments&post=3031"}],"version-history":[{"count":4,"href":"https:\/\/recuperarte.com.br\/index.php?rest_route=\/wp\/v2\/pages\/3031\/revisions"}],"predecessor-version":[{"id":3061,"href":"https:\/\/recuperarte.com.br\/index.php?rest_route=\/wp\/v2\/pages\/3031\/revisions\/3061"}],"wp:attachment":[{"href":"https:\/\/recuperarte.com.br\/index.php?rest_route=%2Fwp%2Fv2%2Fmedia&parent=3031"}],"curies":[{"name":"wp","href":"https:\/\/api.w.org\/{rel}","templated":true}]}}