							
{"id":2912,"date":"2014-05-15T01:06:20","date_gmt":"2014-05-15T01:06:20","guid":{"rendered":"https:\/\/recuperarte.com.br\/consultoria-2\/"},"modified":"2018-11-12T17:21:03","modified_gmt":"2018-11-12T17:21:03","slug":"casos-clinicos","status":"publish","type":"page","link":"https:\/\/recuperarte.com.br\/?page_id=2912","title":{"rendered":"Casos Cl\u00ednicos"},"content":{"rendered":"<p>Gostar\u00edamos, inicialmente, de agradecer aos pacientes que se disponibilizaram a cooperar com esta sess\u00e3o do site CASOS CLINICOS. A participa\u00e7\u00e3o de cada um deles sempre nos motivou a prosseguir vizando favorecer o desenvolvimento de atendimentos cada vez mais humanos e acertivos. A todos nosso muito obrigado.<\/p>\n<h2><strong><span style=\"color: #0e948f;\">APRESENTA\u00c7\u00c3O DO 1\u00ba CASO CL\u00cdNICO:<\/span><\/strong><\/h2>\n<p><strong>Diagn\u00f3stico<\/strong>: Altera\u00e7\u00e3o cong\u00eanita localizada no membro superior (bra\u00e7o) esquerdo apresentando d\u00e9ficits funcionais conseq\u00fcentes de:<\/p>\n<ol>\n<li>Abertura limitada do primeiro espa\u00e7o interdigital (entre o polegar e o dedo indicador) impedindo a preens\u00e3o e a manipula\u00e7\u00e3o de objetos, principalmente movimentos de precis\u00e3o.<\/li>\n<li>Impossibilidade de utilizar o dedo indicador devido ao posicionamento alterado e for\u00e7a muscular reduzida.<\/li>\n<li>Dedo m\u00e9dio (ou terceiro dedo) exercendo a funcionalidade devido \u00e0 possibilidade de segurar objetos juntamente com o polegar. Apesar disto apresenta incapacidade de manipular objetos maiores<\/li>\n<\/ol>\n<div>\n<p><a href=\"http:\/\/recuperarte.com.br\/wp-content\/uploads\/2018\/11\/caso02.jpg\" target=\"_blank\" rel=\"noopener\"><img loading=\"lazy\" decoding=\"async\" class=\"alignleft wp-image-2921\" src=\"http:\/\/recuperarte.com.br\/wp-content\/uploads\/2018\/11\/caso02.jpg\" alt=\"\" width=\"173\" height=\"128\" \/><\/a>Foto ilustrativa da atividade funcional sem o auxilio da \u00f3rtese demonstrando a impossibilidade de utiliza\u00e7\u00e3o da principal atividade manual que ocorre a partir do encontro dos dedos indicador e polegar. Este movimento \u00e9 chamado pin\u00e7a manual respons\u00e1vel pela execu\u00e7\u00e3o de coordena\u00e7\u00e3o motora fina.<\/p>\n<div class=\"dotted-divider\"><\/div>\n<a href=\"http:\/\/recuperarte.com.br\/wp-content\/uploads\/2018\/11\/caso03.jpg\" target=\"_blank\" rel=\"noopener\"><img loading=\"lazy\" decoding=\"async\" class=\"alignleft wp-image-2925\" src=\"http:\/\/recuperarte.com.br\/wp-content\/uploads\/2018\/11\/caso03.jpg\" alt=\"\" width=\"173\" height=\"128\" \/><\/a>Foto ilustrativa dos ganhos funcionais adquiridos ap\u00f3s o uso da \u00f3rtese confeccionada individualmente em material neoprene. Observa-se o ganho de amplitude no primeiro espa\u00e7o interdigital (entre o polegar e o dedo indicador) acrescentando a utiliza\u00e7\u00e3o do dedo indicador aos demais. Esta nova aquisi\u00e7\u00e3o proporciona, por implementar a coordena\u00e7\u00e3o motora fina, maior funcionalidade e auxilia tamb\u00e9m a percep\u00e7\u00e3o da imagem corporal uma vez que o individuo incorpora o membro acometido. Evita-se assim, atrofias musculares, rigidez articular por desuso e outras altera\u00e7\u00f5es incapacitantes por &#8220;esquecimento&#8221; do membro superior (bra\u00e7o) afetado.<\/p>\n<\/div>\n<div class=\"dotted-divider\"><\/div>\n<h2><span style=\"color: #0e948f;\"><strong>APRESENTA\u00c7\u00c3O DO 2\u00ba CASO CL\u00cdNICO:<\/strong><\/span><\/h2>\n<p><strong>Diagn\u00f3stico<\/strong>: Amputa\u00e7\u00e3o traum\u00e1tica dos dedos indicador, m\u00e9dio e anular localizada no membro superior (bra\u00e7o) direito, solicitando cuidados conseq\u00fcentes de:<\/p>\n<ol>\n<li>Altera\u00e7\u00e3o da cobertura epitelial na \u00e1rea de enxerto gerando frequentes lacera\u00e7\u00f5es na pele impedindo a preens\u00e3o e a manipula\u00e7\u00e3o de objetos, principalmente movimentos de precis\u00e3o.<\/li>\n<li>Impossibilidade de desensibilizar a \u00e1rea traumatizada devido \u00e0 impossibilidade do contato da m\u00e3o com objetos levando tamb\u00e9m a for\u00e7a muscular reduzida.<\/li>\n<\/ol>\n<div><a href=\"http:\/\/recuperarte.com.br\/wp-content\/uploads\/2018\/11\/caso04.jpg\" target=\"_blank\" rel=\"noopener\"><img loading=\"lazy\" decoding=\"async\" class=\"alignleft wp-image-2937\" src=\"http:\/\/recuperarte.com.br\/wp-content\/uploads\/2018\/11\/caso04.jpg\" alt=\"\" width=\"173\" height=\"128\" \/><\/a>Foto ilustrativa do aspecto epitelial, vis\u00e3o ventral (palma da m\u00e3o)<br \/>\n<div class=\"dotted-divider\"><\/div>\n<a href=\"http:\/\/recuperarte.com.br\/wp-content\/uploads\/2018\/11\/caso04.jpg\" target=\"_blank\" rel=\"noopener\"><img loading=\"lazy\" decoding=\"async\" class=\"alignleft wp-image-2937\" src=\"http:\/\/recuperarte.com.br\/wp-content\/uploads\/2018\/11\/caso05.jpg\" alt=\"\" width=\"173\" height=\"128\" \/><\/a><br \/>\nFoto ilustrativa do aspecto epitelial, vis\u00e3o dorsal (dorso da m\u00e3o)<br \/>\n<div class=\"dotted-divider\"><\/div>\n<a href=\"http:\/\/recuperarte.com.br\/wp-content\/uploads\/2018\/11\/caso04.jpg\" target=\"_blank\" rel=\"noopener\"><img loading=\"lazy\" decoding=\"async\" class=\"alignleft wp-image-2937\" src=\"http:\/\/recuperarte.com.br\/wp-content\/uploads\/2018\/11\/caso06.jpg\" alt=\"\" width=\"173\" height=\"128\" \/><\/a><br \/>\nFoto ilustrativa dos ganhos funcionais adquiridos ap\u00f3s o uso da \u00f3rtese confeccionada individualmente em material neoprene\u00ae obtendo cobertura para a \u00e1rea mais vulner\u00e1vel. Observa-se a otimiza\u00e7\u00e3o das possibilidades funcionais por meio da redu\u00e7\u00e3o e receios do mesmo em utilizar a m\u00e3o. Esta nova aquisi\u00e7\u00e3o proporciona tamb\u00e9m a percep\u00e7\u00e3o da imagem corporal uma vez que o individuo incorpora o membro acometido \u00e0s atividades cotidianas. Evita-se assim, atrofias musculares, rigidez articular por desuso e outras altera\u00e7\u00f5es incapacitantes por &#8220;esquecimento&#8221; do membro superior (bra\u00e7o) afetado.<\/div>\n","protected":false},"excerpt":{"rendered":"<p>Gostar\u00edamos, inicialmente, de agradecer aos pacientes que se disponibilizaram a cooperar com esta sess\u00e3o do site CASOS CLINICOS. A participa\u00e7\u00e3o de cada um deles sempre nos motivou a prosseguir vizando favorecer o desenvolvimento de atendimentos cada vez mais humanos e acertivos. A todos nosso muito obrigado. APRESENTA\u00c7\u00c3O DO 1\u00ba CASO CL\u00cdNICO: Diagn\u00f3stico: Altera\u00e7\u00e3o cong\u00eanita localizada no membro superior (bra\u00e7o) esquerdo apresentando d\u00e9ficits funcionais conseq\u00fcentes de: Abertura limitada do primeiro espa\u00e7o [&hellip;]<\/p>\n","protected":false},"author":1,"featured_media":0,"parent":0,"menu_order":0,"comment_status":"open","ping_status":"closed","template":"","meta":{"footnotes":""},"_links":{"self":[{"href":"https:\/\/recuperarte.com.br\/index.php?rest_route=\/wp\/v2\/pages\/2912"}],"collection":[{"href":"https:\/\/recuperarte.com.br\/index.php?rest_route=\/wp\/v2\/pages"}],"about":[{"href":"https:\/\/recuperarte.com.br\/index.php?rest_route=\/wp\/v2\/types\/page"}],"author":[{"embeddable":true,"href":"https:\/\/recuperarte.com.br\/index.php?rest_route=\/wp\/v2\/users\/1"}],"replies":[{"embeddable":true,"href":"https:\/\/recuperarte.com.br\/index.php?rest_route=%2Fwp%2Fv2%2Fcomments&post=2912"}],"version-history":[{"count":23,"href":"https:\/\/recuperarte.com.br\/index.php?rest_route=\/wp\/v2\/pages\/2912\/revisions"}],"predecessor-version":[{"id":2941,"href":"https:\/\/recuperarte.com.br\/index.php?rest_route=\/wp\/v2\/pages\/2912\/revisions\/2941"}],"wp:attachment":[{"href":"https:\/\/recuperarte.com.br\/index.php?rest_route=%2Fwp%2Fv2%2Fmedia&parent=2912"}],"curies":[{"name":"wp","href":"https:\/\/api.w.org\/{rel}","templated":true}]}}