							
{"id":2899,"date":"2014-05-15T01:06:20","date_gmt":"2014-05-15T01:06:20","guid":{"rendered":"https:\/\/recuperarte.com.br\/consultoria-2\/"},"modified":"2018-11-12T16:36:01","modified_gmt":"2018-11-12T16:36:01","slug":"parceiros","status":"publish","type":"page","link":"https:\/\/recuperarte.com.br\/?page_id=2899","title":{"rendered":"Parceiros"},"content":{"rendered":"<p>Aproveitamos a oportunidade para agradecer todo o apoio e credibilidade de nossos parceiros.<\/p>\n<p><img loading=\"lazy\" decoding=\"async\" class=\"aligncenter size-full wp-image-2901\" src=\"http:\/\/recuperarte.com.br\/wp-content\/uploads\/2018\/11\/parceiros.gif\" alt=\"\" width=\"542\" height=\"111\" \/><\/p>\n<h3>AGRADECIMENTOS AO APOIO AO DESENVOLVIMENTO DAS PESQUISAS DO DOUTORADO<\/h3>\n<p><strong>Institui\u00e7\u00e3o: N\u00facleo Assistencial Caminhos para Jesus<\/strong><br \/>\nContato:<br \/>\nAna Paula Maciel Vilela<br \/>\nM\u00e1rcia Maria P. de Paula Dias<br \/>\nMarina Pacheco de Moraes<br \/>\nD\u00e9bora Consuelo Resende<br \/>\nM\u00e1rcia Parreiras<br \/>\nRaul Marinuzzi<\/p>\n<p><strong>Institui\u00e7\u00e3o: FAENOL \u2013 Funda\u00e7\u00e3o de Assist\u00eancia especializada de Nova Lima<\/strong><br \/>\nContato:<br \/>\nM\u00f4nica Regina Rodrigues dos Santos<br \/>\nJunia Petrucelli<br \/>\nEula Adriana Silva<br \/>\nPatr\u00edcia Pilar Silva Oliveira<br \/>\nPaulo Henrique Damascenos Santos<\/p>\n<p><strong>Institui\u00e7\u00e3o: Associa\u00e7\u00e3o de Pais e Amigos dos Excepcionais de Ribeir\u00e3o das Neves \u2013 APAE<\/strong><br \/>\nContato:<br \/>\nErika Regina de Oliveira Rodrigues<br \/>\nPaula Rodrigues M. Costa<\/p>\n<p><strong>Institui\u00e7\u00e3o: Hospital Bias Fortes (Ambulat\u00f3rio de Neuropediatria)<\/strong><br \/>\nContato:<br \/>\nZ\u00e9lia Coelho<\/p>\n<p><strong>Institui\u00e7\u00e3o: Sensorial<\/strong><br \/>\nContato:<br \/>\nAna Paula Bensemann Gontijo<br \/>\nAdriana Provezano<\/p>\n<p><strong>Institui\u00e7\u00e3o: Associa\u00e7\u00e3o Mineira de Reabilita\u00e7\u00e3o \u2013 AMR<\/strong><br \/>\nContato:<br \/>\nMarina Brand\u00e3o<br \/>\nMaire Elen Passos Pereira<br \/>\nRegina C\u00e9lia Amorin Lopes<br \/>\nM\u00e1rcia Maria Mariz<br \/>\nDr. Leonardo Cury Abrah\u00e3o<\/p>\n<p><strong>Institui\u00e7\u00e3o: Associa\u00e7\u00e3o de Pais e Amigos dos Excepcionais de Sabar\u00e1 \u2013 APAE<\/strong><br \/>\nContatos:<br \/>\nAdriana e Carvalho Rocha Sim\u00f5es<br \/>\nAna Carolina Melo<br \/>\nGeralda Virginia Guimar\u00e3es Fantini<\/p>\n<p><strong>Institui\u00e7\u00e3o: Funda\u00e7\u00e3o Dom Bosco<\/strong><br \/>\nContato:<br \/>\nMarcela Dias<br \/>\nLucy dos Santos<\/p>\n<p><strong>Institui\u00e7\u00e3o: Associa\u00e7\u00e3o de Pais e Amigos dos Excepcionais de Betim \u2013 APAE<\/strong><br \/>\nContato:<br \/>\nDaniela Vilaverde F. da silva<br \/>\nPatr\u00edcia Lemos<\/p>\n<p><strong>Terapeutas ocupacionais:<\/strong><br \/>\nClarissa Guimar\u00e3es Aranha.<br \/>\nCamila Souza Lima Fontes<br \/>\nKamila Rigolin<br \/>\nSarah Anjos<br \/>\nLeticia Lages do Vale<br \/>\nLet\u00edcia Maria da Silva Almeida<br \/>\nAlessandra Antunes Tavares<br \/>\nJunia Jorge Rjeille Cordeiro<br \/>\nJaqueline Andrade<\/p>\n<p><strong>Institui\u00e7\u00e3o: CEPEL<\/strong><br \/>\nContato:<br \/>\nLilian Albuquerque<br \/>\n<div class=\"dotted-divider\"><\/div>\n<h3>INSTITUI\u00c7\u00d5ES PARCEIRAS EM CONSULTORIAS<\/h3>\n<p><strong>Minasligas<\/strong><br \/>\nHenrique Zica<br \/>\nMarcos Ant\u00f4nio dos Santos<\/p>\n<p><strong>Institui\u00e7\u00e3o: Associa\u00e7\u00e3o de Pais e Amigos dos Excepcionais de Pirapora &#8211; APAE <\/strong><br \/>\nContato:<br \/>\nJacqueline Almeida<\/p>\n<p><strong>Institui\u00e7\u00e3o: Associa\u00e7\u00e3o de Pais e Amigos dos Excepcionais de Manhua\u00e7u \u2013 APAE<\/strong><br \/>\nContato:<br \/>\nIn\u00eas Cruz<\/p>\n<p><strong>Institui\u00e7\u00e3o: Associa\u00e7\u00e3o de Pais e Amigos dos Excepcionais de Te\u00f3filo Otoni \u2013 APAE <\/strong><br \/>\nContato:<br \/>\nHayd\u00eae Amaral Colen<br \/>\nLilian Cristina da Silva Schettino<br \/>\nLuana Jardim Avelar<br \/>\nAlessandra Rodrigues Moraes Cruz<\/p>\n<p><em>* marcas em \u00f3rdem alfab\u00e9tica<\/em><\/p>\n","protected":false},"excerpt":{"rendered":"<p>Aproveitamos a oportunidade para agradecer todo o apoio e credibilidade de nossos parceiros. AGRADECIMENTOS AO APOIO AO DESENVOLVIMENTO DAS PESQUISAS DO DOUTORADO Institui\u00e7\u00e3o: N\u00facleo Assistencial Caminhos para Jesus Contato: Ana Paula Maciel Vilela M\u00e1rcia Maria P. de Paula Dias Marina Pacheco de Moraes D\u00e9bora Consuelo Resende M\u00e1rcia Parreiras Raul Marinuzzi Institui\u00e7\u00e3o: FAENOL \u2013 Funda\u00e7\u00e3o de Assist\u00eancia especializada de Nova Lima Contato: M\u00f4nica Regina Rodrigues dos Santos Junia Petrucelli Eula Adriana [&hellip;]<\/p>\n","protected":false},"author":1,"featured_media":0,"parent":0,"menu_order":0,"comment_status":"open","ping_status":"closed","template":"","meta":{"footnotes":""},"_links":{"self":[{"href":"https:\/\/recuperarte.com.br\/index.php?rest_route=\/wp\/v2\/pages\/2899"}],"collection":[{"href":"https:\/\/recuperarte.com.br\/index.php?rest_route=\/wp\/v2\/pages"}],"about":[{"href":"https:\/\/recuperarte.com.br\/index.php?rest_route=\/wp\/v2\/types\/page"}],"author":[{"embeddable":true,"href":"https:\/\/recuperarte.com.br\/index.php?rest_route=\/wp\/v2\/users\/1"}],"replies":[{"embeddable":true,"href":"https:\/\/recuperarte.com.br\/index.php?rest_route=%2Fwp%2Fv2%2Fcomments&post=2899"}],"version-history":[{"count":3,"href":"https:\/\/recuperarte.com.br\/index.php?rest_route=\/wp\/v2\/pages\/2899\/revisions"}],"predecessor-version":[{"id":2904,"href":"https:\/\/recuperarte.com.br\/index.php?rest_route=\/wp\/v2\/pages\/2899\/revisions\/2904"}],"wp:attachment":[{"href":"https:\/\/recuperarte.com.br\/index.php?rest_route=%2Fwp%2Fv2%2Fmedia&parent=2899"}],"curies":[{"name":"wp","href":"https:\/\/api.w.org\/{rel}","templated":true}]}}