							
{"id":2386,"date":"2014-05-15T01:06:20","date_gmt":"2014-05-15T01:06:20","guid":{"rendered":"http:\/\/italic.com.br\/projeto\/fialho\/?page_id=2386"},"modified":"2018-09-10T19:35:52","modified_gmt":"2018-09-10T19:35:52","slug":"consultoria","status":"publish","type":"page","link":"https:\/\/recuperarte.com.br\/?page_id=2386","title":{"rendered":"Consultoria"},"content":{"rendered":"<p>A\u00a0<strong>cl\u00ednica RECUPERARTE<\/strong>\u00a0iniciou suas atividades de consultoria em 1999, atuando junto a institui\u00e7\u00f5es assistenciais avaliando e tratando, por meio de \u00f3rteses e tecnologia assistiva, altera\u00e7\u00f5es sens\u00f3rio-motoras. Esses trabalhos\u00a0 de consultorias geraram importantes publica\u00e7\u00f5es cient\u00edficas, dentre elas:<\/p>\n<p><strong>\u00a0<\/strong><strong>\u201cImprovement of Hand Function in Children with Cerebral Palsy via an Orthosis that Provides Wrist Extension and Thumb Abduction\u201d\u00a0<\/strong><br \/>\nDe autoria de\u00a0<em>BARROSO, P. N., VECHIO, S., XAVIER, Y. R., SESSELMAN, M (PHD), ARA\u00daJO, P. A. (MSc), PINOTTI,<\/em>\u00a0M. B.<br \/>\nPublicado na revista internacional:\u00a0<em>Clinical Biomechanics<\/em>\u00a0\u00a02011, 9: 937-943.<\/p>\n<p><strong>\u201cEstudo da efic\u00e1cia de \u00f3rteses na promo\u00e7\u00e3o do desempenho funcional da m\u00e3o, em crian\u00e7as com paralisia cerebral.\u201d<br \/>\n<\/strong>De autoria de\u00a0<em>BARROSO, P.N; MANCINI, M.C; TICLE, F.S.L.; AGUIAR, I.F.; MANCINI,M. C.<br \/>\n<\/em>Apresentado no VI Congresso Brasileiro de Terapia Ocupacional, 1999, \u00c1guas de Lind\u00f3ia \u2013 S\u00e3o Paulo.<\/p>\n<p><strong>&#8220;Avalia\u00e7\u00e3o Cl\u00ednica de \u00d3rteses na Promo\u00e7\u00e3o do Desempenho Funcional da M\u00e3o em Crian\u00e7as com Paralisia Cerebral&#8221;<\/strong><br \/>\nDe autoria de\u00a0<em>BARROSO, P. N., MANCINI, M. C., TICLE, F. S. L., AGUIAR, I. F.<\/em><br \/>\nApresentado durante o XIX Congresso Brasileiro de Cirurgia da M\u00e3o, VII Congreso Sudamericano de Cirugia de La Mano, II Congreso Sudamericano de Terapia de La Mano, II Encuentro Ibero-americano de Cirugia de La Mano, 1999, S\u00e3o Paulo.<\/p>\n<p><strong>\u201cQuantitative Analysis Of Thumb Range Of Motion During Prehension Tasks\u201d<\/strong><br \/>\nDe autoria de\u00a0<em>BARROSO, P.N; NAGEM, D. A. P.; VIMIEIRO, C. B.; FILHO, R. G.; KIRKWOOD, R. N.; PINOTTI, M. B.<\/em><br \/>\nApresentado no evento Technology and Medical Sciences International, 2006, Dundee &#8211; Esc\u00f3cia.<\/p>\n<p><strong>&#8220;Proposta de Mensura\u00e7\u00e3o do \u00e2ngulo Funcional da Articula\u00e7\u00e3o Trap\u00e9zio-Metacarpiana em Crian\u00e7as com Paralisia Cerebral&#8221;<\/strong><br \/>\nDe autoria de<em>\u00a0BARROSO, P. N., VELOSO, M. P., FRAGOSO, T. C., XAVIER, Y. R., PINOTTI, M. B.<\/em><br \/>\nApresentado durante o X Congresso Brasileiro de reabilita\u00e7\u00e3o da M\u00e3o \u2013 SBTM, 2009, S\u00e3o Paulo.<\/p>\n<blockquote><p>Na cl\u00ednica RECUPERARTE\u00a0 a atua\u00e7\u00e3o do Terapeuta Ocupacional em\u00a0 Tecnologia Assistiva, atendendo \u00e0 legisla\u00e7\u00e3o aplic\u00e1vel Resolu\u00e7\u00e3o n\u00ba. 316 de 03\/8\/2006 do Conselho Federal de Fisioterapia e Terapia Ocupacional (COFFITO),\u00a0 mensura os impactos que as altera\u00e7\u00f5es\u00a0 causaram \u00e0 qualidade de vida do indiv\u00edduo, para posteriormente desenvolver recursos pertinentes \u00e0s necessidades e habilidades espec\u00edficas.<\/p><\/blockquote>\n","protected":false},"excerpt":{"rendered":"<p>A\u00a0cl\u00ednica RECUPERARTE\u00a0iniciou suas atividades de consultoria em 1999, atuando junto a institui\u00e7\u00f5es assistenciais avaliando e tratando, por meio de \u00f3rteses e tecnologia assistiva, altera\u00e7\u00f5es sens\u00f3rio-motoras. Esses trabalhos\u00a0 de consultorias geraram importantes publica\u00e7\u00f5es cient\u00edficas, dentre elas: \u00a0\u201cImprovement of Hand Function in Children with Cerebral Palsy via an Orthosis that Provides Wrist Extension and Thumb Abduction\u201d\u00a0 De autoria de\u00a0BARROSO, P. N., VECHIO, S., XAVIER, Y. R., SESSELMAN, M (PHD), ARA\u00daJO, P. A. [&hellip;]<\/p>\n","protected":false},"author":1,"featured_media":0,"parent":0,"menu_order":0,"comment_status":"open","ping_status":"closed","template":"","meta":{"footnotes":""},"_links":{"self":[{"href":"https:\/\/recuperarte.com.br\/index.php?rest_route=\/wp\/v2\/pages\/2386"}],"collection":[{"href":"https:\/\/recuperarte.com.br\/index.php?rest_route=\/wp\/v2\/pages"}],"about":[{"href":"https:\/\/recuperarte.com.br\/index.php?rest_route=\/wp\/v2\/types\/page"}],"author":[{"embeddable":true,"href":"https:\/\/recuperarte.com.br\/index.php?rest_route=\/wp\/v2\/users\/1"}],"replies":[{"embeddable":true,"href":"https:\/\/recuperarte.com.br\/index.php?rest_route=%2Fwp%2Fv2%2Fcomments&post=2386"}],"version-history":[{"count":18,"href":"https:\/\/recuperarte.com.br\/index.php?rest_route=\/wp\/v2\/pages\/2386\/revisions"}],"predecessor-version":[{"id":2876,"href":"https:\/\/recuperarte.com.br\/index.php?rest_route=\/wp\/v2\/pages\/2386\/revisions\/2876"}],"wp:attachment":[{"href":"https:\/\/recuperarte.com.br\/index.php?rest_route=%2Fwp%2Fv2%2Fmedia&parent=2386"}],"curies":[{"name":"wp","href":"https:\/\/api.w.org\/{rel}","templated":true}]}}